{"id":95,"date":"2025-12-09T09:23:33","date_gmt":"2025-12-09T08:23:33","guid":{"rendered":"https:\/\/mondirecteurcommercial.com\/index.php\/direction-commerciale\/"},"modified":"2026-04-13T14:38:27","modified_gmt":"2026-04-13T12:38:27","slug":"direction-commerciale","status":"publish","type":"page","link":"https:\/\/mondirecteurcommercial.com\/index.php\/direction-commerciale\/","title":{"rendered":"Direction Commerciale"},"content":{"rendered":"\t\t<div data-elementor-type=\"wp-page\" data-elementor-id=\"95\" class=\"elementor elementor-95\" data-elementor-post-type=\"page\">\n\t\t\t\t<div class=\"elementor-element elementor-element-717720a5 e-flex e-con-boxed e-con e-parent\" data-id=\"717720a5\" data-element_type=\"container\" data-e-type=\"container\" data-settings=\"{&quot;background_background&quot;:&quot;classic&quot;}\">\n\t\t\t\t\t<div class=\"e-con-inner\">\n\t\t<div class=\"elementor-element elementor-element-5007b19 e-con-full e-flex e-con e-child\" data-id=\"5007b19\" data-element_type=\"container\" data-e-type=\"container\">\n\t\t\t\t<div class=\"elementor-element elementor-element-7e91cbf2 elementor-headline--style-highlight elementor-widget elementor-widget-animated-headline\" data-id=\"7e91cbf2\" data-element_type=\"widget\" data-e-type=\"widget\" data-settings=\"{&quot;highlighted_text&quot;:&quot;mondirecteurcommercial.com&quot;,&quot;headline_style&quot;:&quot;highlight&quot;,&quot;marker&quot;:&quot;circle&quot;,&quot;loop&quot;:&quot;yes&quot;,&quot;highlight_animation_duration&quot;:1200,&quot;highlight_iteration_delay&quot;:8000}\" data-widget_type=\"animated-headline.default\">\n\t\t\t\t\t\t\t<h1 class=\"elementor-headline\">\n\t\t\t\t\t<span class=\"elementor-headline-plain-text elementor-headline-text-wrapper\">Votre Direction Commerciale Externalis\u00e9e<\/span>\n\t\t\t\t<span class=\"elementor-headline-dynamic-wrapper elementor-headline-text-wrapper\">\n\t\t\t\t\t<span class=\"elementor-headline-dynamic-text elementor-headline-text-active\">mondirecteurcommercial.com<\/span>\n\t\t\t\t<\/span>\n\t\t\t\t\t<span class=\"elementor-headline-plain-text elementor-headline-text-wrapper\">comme si elle \u00e9tait en interne<\/span>\n\t\t\t\t\t<\/h1>\n\t\t\t\t\t\t<\/div>\n\t\t\t\t<div class=\"elementor-element elementor-element-4e3a02a7 elementor-widget elementor-widget-text-editor\" data-id=\"4e3a02a7\" data-element_type=\"widget\" data-e-type=\"widget\" data-widget_type=\"text-editor.default\">\n\t\t\t\t\t\t\t\t\t<p>L\u2019expertise d\u2019un Directeur Commercial \u00e0 temps partag\u00e9, la flexibilit\u00e9 d\u2019un prestataire, la performance d\u2019une \u00e9quipe int\u00e9gr\u00e9e<\/p>\t\t\t\t\t\t\t\t<\/div>\n\t\t<div class=\"elementor-element elementor-element-a10d9f7 e-flex e-con-boxed e-con e-child\" data-id=\"a10d9f7\" data-element_type=\"container\" data-e-type=\"container\">\n\t\t\t\t\t<div class=\"e-con-inner\">\n\t\t\t\t<div class=\"elementor-element elementor-element-d8554f6 elementor-widget__width-auto elementor-align-right elementor-widget elementor-widget-button\" data-id=\"d8554f6\" data-element_type=\"widget\" data-e-type=\"widget\" data-widget_type=\"button.default\">\n\t\t\t\t\t\t\t\t\t\t<a class=\"elementor-button elementor-button-link elementor-size-sm\" href=\"https:\/\/calendly.com\/david-sellam\">\n\t\t\t\t\t\t<span class=\"elementor-button-content-wrapper\">\n\t\t\t\t\t\t\t\t\t<span class=\"elementor-button-text\">Prenez RDV<\/span>\n\t\t\t\t\t<\/span>\n\t\t\t\t\t<\/a>\n\t\t\t\t\t\t\t\t<\/div>\n\t\t\t\t\t<\/div>\n\t\t\t\t<\/div>\n\t\t\t\t<\/div>\n\t\t\t\t\t<\/div>\n\t\t\t\t<\/div>\n\t\t<div class=\"elementor-element elementor-element-100e3e42 e-flex e-con-boxed e-con e-parent\" data-id=\"100e3e42\" data-element_type=\"container\" data-e-type=\"container\">\n\t\t\t\t\t<div class=\"e-con-inner\">\n\t\t<div class=\"elementor-element elementor-element-3d9dd55 e-con-full e-flex e-con e-child\" data-id=\"3d9dd55\" data-element_type=\"container\" data-e-type=\"container\">\n\t\t\t\t<div class=\"elementor-element elementor-element-30c1dcec elementor-widget elementor-widget-heading\" data-id=\"30c1dcec\" data-element_type=\"widget\" data-e-type=\"widget\" data-widget_type=\"heading.default\">\n\t\t\t\t\t<h2 class=\"elementor-heading-title elementor-size-default\">Dirigeant(e)s de PME, faitez vous face \u00e0 ces situations?<\/h2>\t\t\t\t<\/div>\n\t\t\t\t<\/div>\n\t\t<div class=\"elementor-element elementor-element-2d7cc1c2 e-con-full e-flex e-con e-child\" data-id=\"2d7cc1c2\" data-element_type=\"container\" data-e-type=\"container\">\n\t\t\t\t<div class=\"elementor-element elementor-element-f500979 elementor-widget elementor-widget-text-editor\" data-id=\"f500979\" data-element_type=\"widget\" data-e-type=\"widget\" data-widget_type=\"text-editor.default\">\n\t\t\t\t\t\t\t\t\t<p><strong>Votre d\u00e9veloppement commercial patine&#8230; et vous savez que quelque chose bloque.<\/strong><\/p><p><strong>Vous faites des efforts, vous investissez, <\/strong>Mais malgr\u00e9 tout, <strong>vos ventes n\u2019avancent pas comme elles devraient<\/strong>.<\/p><p>Et au fond, vous le sentez : ce n\u2019est pas un probl\u00e8me d\u2019envie.\u00a0C\u2019est un probl\u00e8me <strong>d\u2019organisation commerciale<\/strong>.<\/p><p><strong>Vous manquez d\u2019une vraie strat\u00e9gie commerciale.\u00a0<\/strong>Sans vision claire, sans plan structur\u00e9, sans priorit\u00e9s d\u00e9finies\u2026 Impossible d\u2019avancer vite. Vous faites \u201cdu mieux possible\u201d, mais ce n\u2019est jamais suffisant pour cr\u00e9er une dynamique durable.<\/p><p><strong>Votre prospection est irr\u00e9guli\u00e8re et votre pipeline s\u2019essouffle.\u00a0<\/strong>Un mois vous avez des leads, le mois suivant vous n\u2019en avez plus. Sans pilotage, sans m\u00e9thode, sans routine, la prospection devient un pari\u2026 Et la croissance aussi.<\/p><p><strong>Vous n\u2019avez pas de visibilit\u00e9 sur ce qui fonctionne r\u00e9ellement.\u00a0<\/strong>Pas d\u2019indicateurs fiables, pas de reporting clair, pas de suivi structur\u00e9. Comment d\u00e9cider ? Comment anticiper ? Comment piloter\u2026 ce qu\u2019on ne voit pas ?<\/p><p><strong>Votre \u00e9quipe commerciale a besoin d\u2019\u00eatre encadr\u00e9e, guid\u00e9e, motiv\u00e9e.\u00a0<\/strong>Chacun travaille \u201c\u00e0 sa fa\u00e7on\u201d, les r\u00e9sultats varient, l\u2019efficacit\u00e9 aussi. Il manque une vision, un leader, une dynamique.\u00a0<strong>Un vrai Directeur Commercial<\/strong>.<\/p><p><strong>Votre gestion commercial n\u2019est pas un outil de croissance\u2026 mais une contrainte. <\/strong>H\u00e9t\u00e9rog\u00e8ne d\u00e9centralis\u00e9e, sans process. \u00c0 la place de vous aider, il complique tout. Et vous perdez des opportunit\u00e9s chaque semaine.<\/p><p><strong>Vous portez trop de responsabilit\u00e9s commerciales\u2026 seul.\u00a0<\/strong>Prospection, relances, strat\u00e9gie, gestion, management\u2026Vous \u00eates partout. Et \u00e0 force d\u2019\u00eatre partout, vous <strong>n\u2019\u00eates plus efficace nulle part<\/strong>.<\/p>\t\t\t\t\t\t\t\t<\/div>\n\t\t\t\t<\/div>\n\t\t\t\t\t<\/div>\n\t\t\t\t<\/div>\n\t\t<div class=\"elementor-element elementor-element-5df4f2c7 e-flex e-con-boxed e-con e-parent\" data-id=\"5df4f2c7\" data-element_type=\"container\" data-e-type=\"container\">\n\t\t\t\t\t<div class=\"e-con-inner\">\n\t\t\t\t<div class=\"elementor-element elementor-element-1e6652da elementor-widget elementor-widget-heading\" data-id=\"1e6652da\" data-element_type=\"widget\" data-e-type=\"widget\" data-widget_type=\"heading.default\">\n\t\t\t\t\t<h2 class=\"elementor-heading-title elementor-size-default\">Votre PME n\u2019a pas besoin de plus d\u2019efforts.\nElle a besoin de structure.\nElle a besoin de m\u00e9thode.\nElle a besoin d\u2019un pilote commercial exp\u00e9riment\u00e9<\/h2>\t\t\t\t<\/div>\n\t\t\t\t\t<\/div>\n\t\t\t\t<\/div>\n\t\t<div class=\"elementor-element elementor-element-1478eba e-flex e-con-boxed e-con e-parent\" data-id=\"1478eba\" data-element_type=\"container\" data-e-type=\"container\">\n\t\t\t\t\t<div class=\"e-con-inner\">\n\t\t\t\t<div class=\"elementor-element elementor-element-5c2ae8b elementor-widget elementor-widget-heading\" data-id=\"5c2ae8b\" data-element_type=\"widget\" data-e-type=\"widget\" data-widget_type=\"heading.default\">\n\t\t\t\t\t<h2 class=\"elementor-heading-title elementor-size-default\">C\u2019est exactement ce que la Direction Commerciale Externalis\u00e9e de mondirecteurcommercial.com vous apporte :\nClart\u00e9, structure, m\u00e9thode, pilotage\u2026\nEt enfin : des r\u00e9sultats pr\u00e9visibles, mesurables et scalables<\/h2>\t\t\t\t<\/div>\n\t\t\t\t\t<\/div>\n\t\t\t\t<\/div>\n\t\t<div class=\"elementor-element elementor-element-e029e42 e-flex e-con-boxed e-con e-parent\" data-id=\"e029e42\" data-element_type=\"container\" data-e-type=\"container\">\n\t\t\t\t\t<div class=\"e-con-inner\">\n\t\t<div class=\"elementor-element elementor-element-545d6974 e-con-full e-flex e-con e-child\" data-id=\"545d6974\" data-element_type=\"container\" data-e-type=\"container\" data-settings=\"{&quot;background_background&quot;:&quot;classic&quot;,&quot;motion_fx_motion_fx_scrolling&quot;:&quot;yes&quot;,&quot;motion_fx_translateX_effect&quot;:&quot;yes&quot;,&quot;motion_fx_translateX_speed&quot;:{&quot;unit&quot;:&quot;px&quot;,&quot;size&quot;:0.5,&quot;sizes&quot;:[]},&quot;motion_fx_devices&quot;:[&quot;desktop&quot;],&quot;motion_fx_translateX_affectedRange&quot;:{&quot;unit&quot;:&quot;%&quot;,&quot;size&quot;:&quot;&quot;,&quot;sizes&quot;:{&quot;start&quot;:0,&quot;end&quot;:100}}}\">\n\t\t\t\t<div class=\"elementor-element elementor-element-655bc1bd elementor-widget elementor-widget-image\" data-id=\"655bc1bd\" data-element_type=\"widget\" data-e-type=\"widget\" data-widget_type=\"image.default\">\n\t\t\t\t\t\t\t\t\t\t\t\t\t\t\t<img fetchpriority=\"high\" decoding=\"async\" width=\"560\" height=\"341\" src=\"https:\/\/mondirecteurcommercial.com\/wp-content\/uploads\/2025\/12\/Logo-Template-Logo_16.jpg\" class=\"attachment-full size-full wp-image-24\" alt=\"\" srcset=\"https:\/\/mondirecteurcommercial.com\/wp-content\/uploads\/2025\/12\/Logo-Template-Logo_16.jpg 560w, https:\/\/mondirecteurcommercial.com\/wp-content\/uploads\/2025\/12\/Logo-Template-Logo_16-300x183.jpg 300w\" sizes=\"(max-width: 560px) 100vw, 560px\" \/>\t\t\t\t\t\t\t\t\t\t\t\t\t\t\t<\/div>\n\t\t\t\t<div class=\"elementor-element elementor-element-9e18b1b elementor-widget elementor-widget-heading\" data-id=\"9e18b1b\" data-element_type=\"widget\" data-e-type=\"widget\" data-widget_type=\"heading.default\">\n\t\t\t\t\t<h2 class=\"elementor-heading-title elementor-size-default\">Optez pour la flexibilit\u00e9 d'un Directeur Commercial \u00e0 temps partag\u00e9, au juste temps et juste co\u00fbt pour votre PME<\/h2>\t\t\t\t<\/div>\n\t\t\t\t<div class=\"elementor-element elementor-element-62f48ad6 elementor-widget elementor-widget-image\" data-id=\"62f48ad6\" data-element_type=\"widget\" data-e-type=\"widget\" data-widget_type=\"image.default\">\n\t\t\t\t\t\t\t\t\t\t\t\t\t\t\t<img decoding=\"async\" src=\"https:\/\/mondirecteurcommercial.com\/wp-content\/uploads\/elementor\/thumbs\/Directeur-commercial-1-rfw74genl8tu5saus3wvytc1b9t372262f1qpgl4w0.jpg\" title=\"Directeur-commercial-1.jpg\" alt=\"Directeur-commercial-1.jpg\" loading=\"lazy\" \/>\t\t\t\t\t\t\t\t\t\t\t\t\t\t\t<\/div>\n\t\t\t\t<\/div>\n\t\t<div class=\"elementor-element elementor-element-308942b0 e-con-full e-flex e-con e-child\" data-id=\"308942b0\" data-element_type=\"container\" data-e-type=\"container\">\n\t\t<div class=\"elementor-element elementor-element-2e4b36b9 e-con-full e-flex e-con e-child\" data-id=\"2e4b36b9\" data-element_type=\"container\" data-e-type=\"container\">\n\t\t\t\t<div class=\"elementor-element elementor-element-edd6c3d elementor-position-inline-start elementor-tablet-position-block-start elementor-view-default elementor-mobile-position-block-start elementor-widget elementor-widget-icon-box\" data-id=\"edd6c3d\" data-element_type=\"widget\" data-e-type=\"widget\" data-widget_type=\"icon-box.default\">\n\t\t\t\t\t\t\t<div class=\"elementor-icon-box-wrapper\">\n\n\t\t\t\t\t\t<div class=\"elementor-icon-box-icon\">\n\t\t\t\t<span  class=\"elementor-icon\">\n\t\t\t\t<svg aria-hidden=\"true\" class=\"e-font-icon-svg e-fas-star\" viewBox=\"0 0 576 512\" xmlns=\"http:\/\/www.w3.org\/2000\/svg\"><path d=\"M259.3 17.8L194 150.2 47.9 171.5c-26.2 3.8-36.7 36.1-17.7 54.6l105.7 103-25 145.5c-4.5 26.3 23.2 46 46.4 33.7L288 439.6l130.7 68.7c23.2 12.2 50.9-7.4 46.4-33.7l-25-145.5 105.7-103c19-18.5 8.5-50.8-17.7-54.6L382 150.2 316.7 17.8c-11.7-23.6-45.6-23.9-57.4 0z\"><\/path><\/svg>\t\t\t\t<\/span>\n\t\t\t<\/div>\n\t\t\t\n\t\t\t\t\t\t<div class=\"elementor-icon-box-content\">\n\n\t\t\t\t\t\t\t\t\t<h3 class=\"elementor-icon-box-title\">\n\t\t\t\t\t\t<span  >\n\t\t\t\t\t\t\tStructurer et piloter votre performance commerciale\t\t\t\t\t\t<\/span>\n\t\t\t\t\t<\/h3>\n\t\t\t\t\n\t\t\t\t\n\t\t\t<\/div>\n\t\t\t\n\t\t<\/div>\n\t\t\t\t\t\t<\/div>\n\t\t\t\t<div class=\"elementor-element elementor-element-79f281a5 elementor-widget elementor-widget-text-editor\" data-id=\"79f281a5\" data-element_type=\"widget\" data-e-type=\"widget\" data-widget_type=\"text-editor.default\">\n\t\t\t\t\t\t\t\t\t<p><strong>Direction Commerciale externalis\u00e9e :<\/strong> nous prenons en charge votre gestion commerciale pour garantir des d\u00e9cisions strat\u00e9giques et un suivi r\u00e9gulier.<\/p><p><strong>Plan d\u2019Actions Commercial sur mesure :<\/strong> chaque action est planifi\u00e9e pour atteindre des objectifs clairs et mesurables.<\/p><p><strong>Processus commerciaux performants :<\/strong> standardisation des m\u00e9thodes de vente, formation des commerciaux et suivi des performances.<\/p><p><strong>CRM et outils adapt\u00e9s :<\/strong> centralisation des donn\u00e9es, suivi du pipeline et gestion efficace des prospects et clients.<\/p>\t\t\t\t\t\t\t\t<\/div>\n\t\t\t\t<div class=\"elementor-element elementor-element-6338a5ef elementor-position-inline-start elementor-tablet-position-block-start elementor-view-default elementor-mobile-position-block-start elementor-widget elementor-widget-icon-box\" data-id=\"6338a5ef\" data-element_type=\"widget\" data-e-type=\"widget\" data-widget_type=\"icon-box.default\">\n\t\t\t\t\t\t\t<div class=\"elementor-icon-box-wrapper\">\n\n\t\t\t\t\t\t<div class=\"elementor-icon-box-icon\">\n\t\t\t\t<span  class=\"elementor-icon\">\n\t\t\t\t<svg aria-hidden=\"true\" class=\"e-font-icon-svg e-fas-star\" viewBox=\"0 0 576 512\" xmlns=\"http:\/\/www.w3.org\/2000\/svg\"><path d=\"M259.3 17.8L194 150.2 47.9 171.5c-26.2 3.8-36.7 36.1-17.7 54.6l105.7 103-25 145.5c-4.5 26.3 23.2 46 46.4 33.7L288 439.6l130.7 68.7c23.2 12.2 50.9-7.4 46.4-33.7l-25-145.5 105.7-103c19-18.5 8.5-50.8-17.7-54.6L382 150.2 316.7 17.8c-11.7-23.6-45.6-23.9-57.4 0z\"><\/path><\/svg>\t\t\t\t<\/span>\n\t\t\t<\/div>\n\t\t\t\n\t\t\t\t\t\t<div class=\"elementor-icon-box-content\">\n\n\t\t\t\t\t\t\t\t\t<h3 class=\"elementor-icon-box-title\">\n\t\t\t\t\t\t<span  >\n\t\t\t\t\t\t\tD\u00e9velopper vos ventes et fid\u00e9liser vos clients\t\t\t\t\t\t<\/span>\n\t\t\t\t\t<\/h3>\n\t\t\t\t\n\t\t\t\t\n\t\t\t<\/div>\n\t\t\t\n\t\t<\/div>\n\t\t\t\t\t\t<\/div>\n\t\t\t\t<div class=\"elementor-element elementor-element-243801e6 elementor-widget elementor-widget-text-editor\" data-id=\"243801e6\" data-element_type=\"widget\" data-e-type=\"widget\" data-widget_type=\"text-editor.default\">\n\t\t\t\t\t\t\t\t\t<p><strong>Prospection structur\u00e9e :<\/strong> g\u00e9n\u00e9ration de leads qualifi\u00e9s, relances syst\u00e9matiques et suivi du pipeline pour stimuler la croissance.<\/p><p><strong>Encadrement et formation de la force de vente :<\/strong> coaching terrain, formation \u00e0 la prospection et \u00e0 la n\u00e9gociation, motivation et fid\u00e9lisation des \u00e9quipes.<\/p><p><strong>Fid\u00e9lisation et ventes additionnelles :<\/strong> suivi des clients existants, plan de fid\u00e9lisation et opportunit\u00e9s de cross-selling.<\/p>\t\t\t\t\t\t\t\t<\/div>\n\t\t\t\t<div class=\"elementor-element elementor-element-39e2e11f elementor-position-inline-start elementor-tablet-position-block-start elementor-view-default elementor-mobile-position-block-start elementor-widget elementor-widget-icon-box\" data-id=\"39e2e11f\" data-element_type=\"widget\" data-e-type=\"widget\" data-widget_type=\"icon-box.default\">\n\t\t\t\t\t\t\t<div class=\"elementor-icon-box-wrapper\">\n\n\t\t\t\t\t\t<div class=\"elementor-icon-box-icon\">\n\t\t\t\t<span  class=\"elementor-icon\">\n\t\t\t\t<svg aria-hidden=\"true\" class=\"e-font-icon-svg e-fas-star\" viewBox=\"0 0 576 512\" xmlns=\"http:\/\/www.w3.org\/2000\/svg\"><path d=\"M259.3 17.8L194 150.2 47.9 171.5c-26.2 3.8-36.7 36.1-17.7 54.6l105.7 103-25 145.5c-4.5 26.3 23.2 46 46.4 33.7L288 439.6l130.7 68.7c23.2 12.2 50.9-7.4 46.4-33.7l-25-145.5 105.7-103c19-18.5 8.5-50.8-17.7-54.6L382 150.2 316.7 17.8c-11.7-23.6-45.6-23.9-57.4 0z\"><\/path><\/svg>\t\t\t\t<\/span>\n\t\t\t<\/div>\n\t\t\t\n\t\t\t\t\t\t<div class=\"elementor-icon-box-content\">\n\n\t\t\t\t\t\t\t\t\t<h3 class=\"elementor-icon-box-title\">\n\t\t\t\t\t\t<span  >\n\t\t\t\t\t\t\tAligner strat\u00e9gie commerciale et marketing pour booster la croissance\t\t\t\t\t\t<\/span>\n\t\t\t\t\t<\/h3>\n\t\t\t\t\n\t\t\t\t\n\t\t\t<\/div>\n\t\t\t\n\t\t<\/div>\n\t\t\t\t\t\t<\/div>\n\t\t\t\t<div class=\"elementor-element elementor-element-3052db3d elementor-widget elementor-widget-text-editor\" data-id=\"3052db3d\" data-element_type=\"widget\" data-e-type=\"widget\" data-widget_type=\"text-editor.default\">\n\t\t\t\t\t\t\t\t\t<p><strong>Strat\u00e9gie int\u00e9gr\u00e9e Marketing &amp; Ventes :<\/strong> campagnes marketing coh\u00e9rentes avec la prospection commerciale pour maximiser le ROI.<\/p><p><strong>Reporting et pilotage pr\u00e9cis :<\/strong> tableaux de bord, KPI personnalis\u00e9s et suivi r\u00e9gulier pour des d\u00e9cisions \u00e9clair\u00e9es.<\/p><p><strong>Vision \u00e0 moyen terme et planification :<\/strong> anticipation des besoins en recrutement et investissements, avec des objectifs de croissance ma\u00eetris\u00e9s et durables.<\/p>\t\t\t\t\t\t\t\t<\/div>\n\t\t\t\t<\/div>\n\t\t\t\t<\/div>\n\t\t\t\t\t<\/div>\n\t\t\t\t<\/div>\n\t\t<div class=\"elementor-element elementor-element-cc66e4b e-flex e-con-boxed e-con e-parent\" data-id=\"cc66e4b\" data-element_type=\"container\" data-e-type=\"container\">\n\t\t\t\t\t<div class=\"e-con-inner\">\n\t\t\t\t<div class=\"elementor-element elementor-element-9a8533b elementor-widget elementor-widget-heading\" data-id=\"9a8533b\" data-element_type=\"widget\" data-e-type=\"widget\" data-widget_type=\"heading.default\">\n\t\t\t\t\t<h2 class=\"elementor-heading-title elementor-size-default\">Le plan d'actions de votre Directeur Commercial mondirecteurcommercial.com :<\/h2>\t\t\t\t<\/div>\n\t\t\t\t\t<\/div>\n\t\t\t\t<\/div>\n\t\t<div class=\"elementor-element elementor-element-a00be99 e-grid e-con-boxed e-con e-parent\" data-id=\"a00be99\" data-element_type=\"container\" data-e-type=\"container\">\n\t\t\t\t\t<div class=\"e-con-inner\">\n\t\t\t\t<div class=\"elementor-element elementor-element-b214c5b elementor-widget elementor-widget-text-editor\" data-id=\"b214c5b\" data-element_type=\"widget\" data-e-type=\"widget\" data-widget_type=\"text-editor.default\">\n\t\t\t\t\t\t\t\t\t<p><strong>Votre Directeur Commercial mondirecteurcommercial.com, le moteur qui transforme votre PME en machine de croissance.<\/strong><\/p>\n<p>Un Directeur Commercial apporte \u00e0 votre PME ce que peu d\u2019entreprises poss\u00e8dent en interne : une vision claire, une organisation solide et un plan d\u2019action capable de g\u00e9n\u00e9rer des r\u00e9sultats mesurables.<\/p>\n<p>Il commence par un <strong>diagnostic complet<\/strong> de votre environnement, de votre offre, de vos clients, de votre territoire et de vos performances commerciales et marketing.<\/p>\n<p>Il d\u00e9finit ensuite avec vous des <strong>objectifs commerciaux et marketing pr\u00e9cis<\/strong>, align\u00e9s sur votre ambition.<\/p>\n<p>Puis il b\u00e2tit et pilote une <strong>strat\u00e9gie commerciale sur mesure<\/strong>, couvrant votre positionnement, vos clients, vos produits, vos prix, votre distribution, votre communication et votre force de vente.<\/p>\n<p>Enfin, il ex\u00e9cute un <strong>plan d\u2019actions concret et op\u00e9rationnel<\/strong> pour structurer votre prospection, optimiser votre organisation et acc\u00e9l\u00e9rer vos ventes.<\/p>\n<p><strong>R\u00e9sultat : une direction \u00e9clair\u00e9e, une \u00e9quipe mieux pilot\u00e9e et une croissance enfin ma\u00eetris\u00e9e.<\/strong><\/p>\t\t\t\t\t\t\t\t<\/div>\n\t\t\t\t<div class=\"elementor-element elementor-element-e919f15 elementor-widget elementor-widget-image\" data-id=\"e919f15\" data-element_type=\"widget\" data-e-type=\"widget\" data-widget_type=\"image.default\">\n\t\t\t\t\t\t\t\t\t\t\t\t\t\t\t<img decoding=\"async\" src=\"https:\/\/mondirecteurcommercial.com\/wp-content\/uploads\/elementor\/thumbs\/Directeur-Commercial-Lead2-scaled-rfwlx3m8dhyei2ld08hg3qsb2wsm3mnneja9sr1fk0.jpg\" title=\"Directeur Commercial Lead2\" alt=\"Directeur Commercial Lead2\" loading=\"lazy\" \/>\t\t\t\t\t\t\t\t\t\t\t\t\t\t\t<\/div>\n\t\t\t\t\t<\/div>\n\t\t\t\t<\/div>\n\t\t<div class=\"elementor-element elementor-element-69878709 e-flex e-con-boxed e-con e-parent\" data-id=\"69878709\" data-element_type=\"container\" data-e-type=\"container\">\n\t\t\t\t\t<div class=\"e-con-inner\">\n\t\t<div class=\"elementor-element elementor-element-43750fa3 e-flex e-con-boxed e-con e-child\" data-id=\"43750fa3\" data-element_type=\"container\" data-e-type=\"container\">\n\t\t\t\t\t<div class=\"e-con-inner\">\n\t\t\t\t<div class=\"elementor-element elementor-element-6a32456d elementor-widget elementor-widget-heading\" data-id=\"6a32456d\" data-element_type=\"widget\" data-e-type=\"widget\" data-widget_type=\"heading.default\">\n\t\t\t\t\t<h2 class=\"elementor-heading-title elementor-size-default\">D\u00e9couvrez nos projets r\u00e9ussis<\/h2>\t\t\t\t<\/div>\n\t\t\t\t<div class=\"elementor-element elementor-element-5f3c446 elementor-widget elementor-widget-text-editor\" data-id=\"5f3c446\" data-element_type=\"widget\" data-e-type=\"widget\" data-widget_type=\"text-editor.default\">\n\t\t\t\t\t\t\t\t\t<p>Notre portfolio met en avant une s\u00e9lection de projets embl\u00e9matiques, illustrant notre expertise et notre capacit\u00e9 \u00e0 r\u00e9pondre aux d\u00e9fis de nos clients.<\/p>\t\t\t\t\t\t\t\t<\/div>\n\t\t\t\t\t<\/div>\n\t\t\t\t<\/div>\n\t\t<div class=\"elementor-element elementor-element-82da40 e-con-full e-flex e-con e-child\" data-id=\"82da40\" data-element_type=\"container\" data-e-type=\"container\">\n\t\t<div class=\"elementor-element elementor-element-1251af98 e-con-full e-flex e-con e-child\" data-id=\"1251af98\" data-element_type=\"container\" data-e-type=\"container\">\n\t\t\t\t<div class=\"elementor-element elementor-element-432ecb84 elementor-widget elementor-widget-image\" data-id=\"432ecb84\" data-element_type=\"widget\" data-e-type=\"widget\" data-widget_type=\"image.default\">\n\t\t\t\t\t\t\t\t\t\t\t\t\t\t\t<img decoding=\"async\" width=\"327\" height=\"316\" src=\"https:\/\/mondirecteurcommercial.com\/wp-content\/uploads\/2025\/12\/Sappi.jpg\" class=\"attachment-full size-full wp-image-31\" alt=\"\" srcset=\"https:\/\/mondirecteurcommercial.com\/wp-content\/uploads\/2025\/12\/Sappi.jpg 327w, https:\/\/mondirecteurcommercial.com\/wp-content\/uploads\/2025\/12\/Sappi-300x290.jpg 300w\" sizes=\"(max-width: 327px) 100vw, 327px\" \/>\t\t\t\t\t\t\t\t\t\t\t\t\t\t\t<\/div>\n\t\t<div class=\"elementor-element elementor-element-642bd9f0 e-flex e-con-boxed e-con e-child\" data-id=\"642bd9f0\" data-element_type=\"container\" data-e-type=\"container\">\n\t\t\t\t\t<div class=\"e-con-inner\">\n\t\t\t\t<div class=\"elementor-element elementor-element-40997ac elementor-widget elementor-widget-heading\" data-id=\"40997ac\" data-element_type=\"widget\" data-e-type=\"widget\" data-widget_type=\"heading.default\">\n\t\t\t\t\t<h5 class=\"elementor-heading-title elementor-size-default\">\u00c9tude de cas \u2013 Acc\u00e9l\u00e9ration commerciale d\u2019une PME du secteur de la propret\u00e9<\/h5>\t\t\t\t<\/div>\n\t\t\t\t<div class=\"elementor-element elementor-element-34836bf elementor-widget-mobile__width-auto elementor-widget elementor-widget-text-editor\" data-id=\"34836bf\" data-element_type=\"widget\" data-e-type=\"widget\" data-widget_type=\"text-editor.default\">\n\t\t\t\t\t\t\t\t\t<p><strong data-start=\"148\" data-end=\"158\">D\u00e9fi :<\/strong><br data-start=\"158\" data-end=\"161\" \/>Une PME sp\u00e9cialis\u00e9e dans la propret\u00e9 veut structurer sa force commerciale et activer une vraie dynamique de croissance.<\/p><p data-start=\"282\" data-end=\"308\"><strong data-start=\"282\" data-end=\"306\">Notre intervention :<\/strong><\/p><ul><li data-start=\"309\" data-end=\"362\"><p data-start=\"311\" data-end=\"362\">Diagnostic complet de sa performance commerciale.<\/p><\/li><li data-start=\"309\" data-end=\"362\"><p data-start=\"311\" data-end=\"362\">Analyse du march\u00e9 des grandes enseignes nationales.<\/p><\/li><li data-start=\"419\" data-end=\"500\"><p data-start=\"421\" data-end=\"500\">Cr\u00e9ation d\u2019une nouvelle identit\u00e9 de marque pour renforcer son positionnement.<\/p><\/li><li data-start=\"501\" data-end=\"583\"><p data-start=\"503\" data-end=\"583\">Segmentation nationale et identification de plus de 2 500 prospects qualifi\u00e9s.<\/p><\/li><li data-start=\"584\" data-end=\"661\"><p data-start=\"586\" data-end=\"661\">Mise en place d\u2019un CRM sur mesure et d\u2019outils de prospection performants.<\/p><\/li><li data-start=\"662\" data-end=\"733\"><p data-start=\"664\" data-end=\"733\">Ex\u00e9cution des actions commerciales et n\u00e9gociation de contrats-cadres.<\/p><\/li><\/ul><p data-start=\"664\" data-end=\"733\"><strong style=\"background-color: transparent;\" data-start=\"735\" data-end=\"747\">R\u00e9sultats :<\/strong><\/p><ul><li><p>Positionnement renforc\u00e9.<\/p><\/li><li><p><strong data-start=\"777\" data-end=\"841\">10 nouvelles enseignes nationales conquises en moins d\u2019un an<\/strong>.<\/p><\/li><\/ul>\t\t\t\t\t\t\t\t<\/div>\n\t\t\t\t\t<\/div>\n\t\t\t\t<\/div>\n\t\t\t\t<\/div>\n\t\t<div class=\"elementor-element elementor-element-b768fef e-con-full e-flex e-con e-child\" data-id=\"b768fef\" data-element_type=\"container\" data-e-type=\"container\">\n\t\t\t\t<div class=\"elementor-element elementor-element-1eb22157 elementor-widget elementor-widget-image\" data-id=\"1eb22157\" data-element_type=\"widget\" data-e-type=\"widget\" data-widget_type=\"image.default\">\n\t\t\t\t\t\t\t\t\t\t\t\t\t\t\t<img decoding=\"async\" width=\"315\" height=\"315\" src=\"https:\/\/mondirecteurcommercial.com\/wp-content\/uploads\/2025\/12\/Chronopli.jpg\" class=\"attachment-full size-full wp-image-32\" alt=\"\" srcset=\"https:\/\/mondirecteurcommercial.com\/wp-content\/uploads\/2025\/12\/Chronopli.jpg 315w, https:\/\/mondirecteurcommercial.com\/wp-content\/uploads\/2025\/12\/Chronopli-300x300.jpg 300w, https:\/\/mondirecteurcommercial.com\/wp-content\/uploads\/2025\/12\/Chronopli-150x150.jpg 150w\" sizes=\"(max-width: 315px) 100vw, 315px\" \/>\t\t\t\t\t\t\t\t\t\t\t\t\t\t\t<\/div>\n\t\t<div class=\"elementor-element elementor-element-4dfa3aba e-flex e-con-boxed e-con e-child\" data-id=\"4dfa3aba\" data-element_type=\"container\" data-e-type=\"container\">\n\t\t\t\t\t<div class=\"e-con-inner\">\n\t\t\t\t<div class=\"elementor-element elementor-element-5df2a96b elementor-widget elementor-widget-heading\" data-id=\"5df2a96b\" data-element_type=\"widget\" data-e-type=\"widget\" data-widget_type=\"heading.default\">\n\t\t\t\t\t<h5 class=\"elementor-heading-title elementor-size-default\">\u00c9tude de cas \u2013 Structuration commerciale d\u2019une PME du secteur m\u00e9tallurgique<\/h5>\t\t\t\t<\/div>\n\t\t\t\t<div class=\"elementor-element elementor-element-695191fb elementor-widget-mobile__width-auto elementor-widget elementor-widget-text-editor\" data-id=\"695191fb\" data-element_type=\"widget\" data-e-type=\"widget\" data-widget_type=\"text-editor.default\">\n\t\t\t\t\t\t\t\t\t<p data-start=\"154\" data-end=\"290\"><strong data-start=\"154\" data-end=\"164\">D\u00e9fi :<\/strong><br data-start=\"164\" data-end=\"167\" \/>Une PME du travail des m\u00e9taux souhaite structurer son d\u00e9partement commercial pour mieux capter la demande de ses march\u00e9s.<\/p><p data-start=\"292\" data-end=\"318\"><strong data-start=\"292\" data-end=\"316\">Notre intervention :<\/strong><\/p><ul><li data-start=\"319\" data-end=\"384\"><p data-start=\"321\" data-end=\"384\">Diagnostic complet et optimisation du d\u00e9partement commercial.<\/p><\/li><li data-start=\"385\" data-end=\"450\"><p data-start=\"387\" data-end=\"450\">Recrutement de 2 commerciaux terrain et 3 agents commerciaux.<\/p><\/li><li data-start=\"451\" data-end=\"537\"><p data-start=\"453\" data-end=\"537\">Formation aux techniques de prospection avanc\u00e9es (\u00ab chasse \u00bb et \u00ab foisonnement \u00bb).<\/p><\/li><li data-start=\"538\" data-end=\"619\"><p data-start=\"540\" data-end=\"619\">D\u00e9veloppement du pipeline, intensification du phoning et des visites terrain.<\/p><\/li><li data-start=\"620\" data-end=\"724\"><p data-start=\"622\" data-end=\"724\">Mise en place d\u2019un CRM en ligne et enrichissement de la base prospects pour booster la productivit\u00e9.<\/p><\/li><li data-start=\"725\" data-end=\"793\"><p data-start=\"727\" data-end=\"793\">Organisation d\u2019un \u00e9v\u00e9nement client m\u00e9diatis\u00e9 au niveau r\u00e9gional.<\/p><\/li><\/ul><p data-start=\"727\" data-end=\"793\"><strong data-start=\"795\" data-end=\"810\">R\u00e9sultats :<\/strong><\/p><ul><li data-start=\"727\" data-end=\"793\"><p>D\u00e9veloppement commercial renforc\u00e9, nouveaux comptes conquis.<\/p><\/li><li data-start=\"795\" data-end=\"935\"><p><strong data-start=\"876\" data-end=\"932\">Productivit\u00e9 commerciale significativement am\u00e9lior\u00e9e<\/strong>.<\/p><\/li><\/ul>\t\t\t\t\t\t\t\t<\/div>\n\t\t\t\t\t<\/div>\n\t\t\t\t<\/div>\n\t\t\t\t<\/div>\n\t\t<div class=\"elementor-element elementor-element-138c43be e-con-full e-flex e-con e-child\" data-id=\"138c43be\" data-element_type=\"container\" data-e-type=\"container\">\n\t\t\t\t<div class=\"elementor-element elementor-element-38c5e83e elementor-widget elementor-widget-image\" data-id=\"38c5e83e\" data-element_type=\"widget\" data-e-type=\"widget\" data-widget_type=\"image.default\">\n\t\t\t\t\t\t\t\t\t\t\t\t\t\t\t<img loading=\"lazy\" decoding=\"async\" width=\"315\" height=\"315\" src=\"https:\/\/mondirecteurcommercial.com\/wp-content\/uploads\/2025\/12\/Nova-Vision.jpg\" class=\"attachment-full size-full wp-image-60\" alt=\"\" srcset=\"https:\/\/mondirecteurcommercial.com\/wp-content\/uploads\/2025\/12\/Nova-Vision.jpg 315w, https:\/\/mondirecteurcommercial.com\/wp-content\/uploads\/2025\/12\/Nova-Vision-300x300.jpg 300w, https:\/\/mondirecteurcommercial.com\/wp-content\/uploads\/2025\/12\/Nova-Vision-150x150.jpg 150w\" sizes=\"(max-width: 315px) 100vw, 315px\" \/>\t\t\t\t\t\t\t\t\t\t\t\t\t\t\t<\/div>\n\t\t<div class=\"elementor-element elementor-element-2bc3540e e-flex e-con-boxed e-con e-child\" data-id=\"2bc3540e\" data-element_type=\"container\" data-e-type=\"container\">\n\t\t\t\t\t<div class=\"e-con-inner\">\n\t\t\t\t<div class=\"elementor-element elementor-element-52d0d25e elementor-widget elementor-widget-heading\" data-id=\"52d0d25e\" data-element_type=\"widget\" data-e-type=\"widget\" data-widget_type=\"heading.default\">\n\t\t\t\t\t<h5 class=\"elementor-heading-title elementor-size-default\">\u00c9tude de cas \u2013 Croissance acc\u00e9l\u00e9r\u00e9e pour le n\u00b01 p\u00e9ruvien des machines agroalimentaires<\/h5>\t\t\t\t<\/div>\n\t\t\t\t<div class=\"elementor-element elementor-element-2da6edf7 elementor-widget-mobile__width-auto elementor-widget elementor-widget-text-editor\" data-id=\"2da6edf7\" data-element_type=\"widget\" data-e-type=\"widget\" data-widget_type=\"text-editor.default\">\n\t\t\t\t\t\t\t\t\t<p><strong>D\u00e9fi :<\/strong><br \/>Le leader p\u00e9ruvien des \u00e9quipements agroalimentaires veut structurer et d\u00e9ployer un plan commercial et marketing pour se d\u00e9velopper au niveau national et dans les pays frontaliers.<\/p><p><strong>Notre intervention :<\/strong><\/p><ul><li><p>Cr\u00e9ation du <strong>plan commercial et marketing.<\/strong><\/p><\/li><li><p>Diagnostic complet.<\/p><\/li><li><p>D\u00e9finition des objectifs.<\/p><\/li><li><p>\u00c9laboration des strat\u00e9gies.<\/p><\/li><li><p><strong>D\u00e9ploiement op\u00e9rationnel<\/strong> du plan avec une <strong>force de vente de 15 personnes.<\/strong><\/p><\/li><\/ul><p>\u00a0<strong>R\u00e9sultats :<\/strong><\/p><ul><li><p><strong>+25 % de croissance des ventes en un an.<\/strong><\/p><\/li><li><p>Satisfaction client renforc\u00e9e.<\/p><\/li><li><p><strong>Productivit\u00e9 commerciale et marketing nettement am\u00e9lior\u00e9e<\/strong>.<\/p><\/li><\/ul>\t\t\t\t\t\t\t\t<\/div>\n\t\t\t\t\t<\/div>\n\t\t\t\t<\/div>\n\t\t\t\t<\/div>\n\t\t\t\t<\/div>\n\t\t\t\t\t<\/div>\n\t\t\t\t<\/div>\n\t\t<div class=\"elementor-element elementor-element-4ceebc2f e-flex e-con-boxed e-con e-parent\" data-id=\"4ceebc2f\" data-element_type=\"container\" data-e-type=\"container\">\n\t\t\t\t\t<div class=\"e-con-inner\">\n\t\t<div class=\"elementor-element elementor-element-5ad152b3 e-con-full e-flex e-con e-child\" data-id=\"5ad152b3\" data-element_type=\"container\" data-e-type=\"container\">\n\t\t<div class=\"elementor-element elementor-element-69ac201a e-con-full e-flex e-con e-child\" data-id=\"69ac201a\" data-element_type=\"container\" data-e-type=\"container\">\n\t\t\t\t<div class=\"elementor-element elementor-element-50c52bd1 elementor-widget elementor-widget-heading\" data-id=\"50c52bd1\" data-element_type=\"widget\" data-e-type=\"widget\" data-widget_type=\"heading.default\">\n\t\t\t\t\t<h2 class=\"elementor-heading-title elementor-size-default\">Prenez contact<\/h2>\t\t\t\t<\/div>\n\t\t\t\t<div class=\"elementor-element elementor-element-5070b267 elementor-widget elementor-widget-text-editor\" data-id=\"5070b267\" data-element_type=\"widget\" data-e-type=\"widget\" data-widget_type=\"text-editor.default\">\n\t\t\t\t\t\t\t\t\t<p>Vous avez des besoins? Remplissez le formulaire ci-dessous et nous vous r\u00e9pondrons dans les plus brefs d\u00e9lais.<\/p>\t\t\t\t\t\t\t\t<\/div>\n\t\t\t\t<div class=\"elementor-element elementor-element-73783f8c elementor-button-align-center elementor-mobile-button-align-start elementor-widget elementor-widget-form\" data-id=\"73783f8c\" data-element_type=\"widget\" data-e-type=\"widget\" data-settings=\"{&quot;step_next_label&quot;:&quot;Suivant&quot;,&quot;step_previous_label&quot;:&quot;Pr\\u00e9c\\u00e9dent&quot;,&quot;button_width&quot;:&quot;100&quot;,&quot;step_type&quot;:&quot;number_text&quot;,&quot;step_icon_shape&quot;:&quot;circle&quot;}\" data-widget_type=\"form.default\">\n\t\t\t\t\t\t\t<form class=\"elementor-form\" method=\"post\" name=\"Formulaire de contact\" aria-label=\"Formulaire de contact\">\n\t\t\t<input type=\"hidden\" name=\"post_id\" value=\"95\"\/>\n\t\t\t<input type=\"hidden\" name=\"form_id\" value=\"73783f8c\"\/>\n\t\t\t<input type=\"hidden\" name=\"referer_title\" value=\"Direction Commerciale - mondirecteurcommercial.com\" \/>\n\n\t\t\t\t\t\t\t<input type=\"hidden\" name=\"queried_id\" value=\"95\"\/>\n\t\t\t\n\t\t\t<div class=\"elementor-form-fields-wrapper elementor-labels-above\">\n\t\t\t\t\t\t\t\t<div class=\"elementor-field-type-text elementor-field-group elementor-column elementor-field-group-nom elementor-col-50\">\n\t\t\t\t\t\t\t\t\t\t\t\t<label for=\"form-field-nom\" class=\"elementor-field-label\">\n\t\t\t\t\t\t\t\tVotre pr\u00e9nom\t\t\t\t\t\t\t<\/label>\n\t\t\t\t\t\t\t\t\t\t\t\t\t\t<input size=\"1\" type=\"text\" name=\"form_fields[nom]\" id=\"form-field-nom\" class=\"elementor-field elementor-size-sm  elementor-field-textual\">\n\t\t\t\t\t\t\t\t\t\t\t<\/div>\n\t\t\t\t\t\t\t\t<div class=\"elementor-field-type-text elementor-field-group elementor-column elementor-field-group-surname_field elementor-col-50\">\n\t\t\t\t\t\t\t\t\t\t\t\t<label for=\"form-field-surname_field\" class=\"elementor-field-label\">\n\t\t\t\t\t\t\t\tVotre nom\t\t\t\t\t\t\t<\/label>\n\t\t\t\t\t\t\t\t\t\t\t\t\t\t<input size=\"1\" type=\"text\" name=\"form_fields[surname_field]\" id=\"form-field-surname_field\" class=\"elementor-field elementor-size-sm  elementor-field-textual\">\n\t\t\t\t\t\t\t\t\t\t\t<\/div>\n\t\t\t\t\t\t\t\t<div class=\"elementor-field-type-email elementor-field-group elementor-column elementor-field-group-email elementor-col-50 elementor-field-required\">\n\t\t\t\t\t\t\t\t\t\t\t\t<label for=\"form-field-email\" class=\"elementor-field-label\">\n\t\t\t\t\t\t\t\tVotre email\t\t\t\t\t\t\t<\/label>\n\t\t\t\t\t\t\t\t\t\t\t\t\t\t<input size=\"1\" type=\"email\" name=\"form_fields[email]\" id=\"form-field-email\" class=\"elementor-field elementor-size-sm  elementor-field-textual\" required=\"required\">\n\t\t\t\t\t\t\t\t\t\t\t<\/div>\n\t\t\t\t\t\t\t\t<div class=\"elementor-field-type-number elementor-field-group elementor-column elementor-field-group-telephone_field elementor-col-50 elementor-field-required\">\n\t\t\t\t\t\t\t\t\t\t\t\t<label for=\"form-field-telephone_field\" class=\"elementor-field-label\">\n\t\t\t\t\t\t\t\tNum\u00e9ro de t\u00e9l\u00e9phone\t\t\t\t\t\t\t<\/label>\n\t\t\t\t\t\t\t\t\t<input type=\"number\" name=\"form_fields[telephone_field]\" id=\"form-field-telephone_field\" class=\"elementor-field elementor-size-sm  elementor-field-textual\" required=\"required\" min=\"\" max=\"\" >\n\t\t\t\t\t\t<\/div>\n\t\t\t\t\t\t\t\t<div class=\"elementor-field-type-choix elementor-field-group elementor-column elementor-field-group-topic_selection elementor-col-100\">\n\t\t\t\t\t\t\t\t\t\t\t\t<label for=\"form-field-topic_selection\" class=\"elementor-field-label\">\n\t\t\t\t\t\t\t\tChoisissez un sujet\t\t\t\t\t\t\t<\/label>\n\t\t\t\t\t\t\t\t\t\t<\/div>\n\t\t\t\t\t\t\t\t<div class=\"elementor-field-type-radio elementor-field-group elementor-column elementor-field-group-business_type elementor-col-100\">\n\t\t\t\t\t\t\t\t\t\t\t\t<label for=\"form-field-business_type\" class=\"elementor-field-label\">\n\t\t\t\t\t\t\t\tComment d\u00e9cririez-vous votre entreprise ?\t\t\t\t\t\t\t<\/label>\n\t\t\t\t\t\t<div class=\"elementor-field-subgroup  elementor-groupe-inline\"><span class=\"elementor-field-option\"><input type=\"radio\" value=\"Entrepreneur individuel\" id=\"form-field-business_type-0\" name=\"form_fields[business_type]\"> <label for=\"form-field-business_type-0\">Entrepreneur individuel<\/label><\/span><span class=\"elementor-field-option\"><input type=\"radio\" value=\"PME\" id=\"form-field-business_type-1\" name=\"form_fields[business_type]\"> <label for=\"form-field-business_type-1\">PME<\/label><\/span><span class=\"elementor-field-option\"><input type=\"radio\" value=\"Grande entreprise\" id=\"form-field-business_type-2\" name=\"form_fields[business_type]\"> <label for=\"form-field-business_type-2\">Grande entreprise<\/label><\/span><span class=\"elementor-field-option\"><input type=\"radio\" value=\"Autre\" id=\"form-field-business_type-3\" name=\"form_fields[business_type]\"> <label for=\"form-field-business_type-3\">Autre<\/label><\/span><\/div>\t\t\t\t<\/div>\n\t\t\t\t\t\t\t\t<div class=\"elementor-field-type-textarea elementor-field-group elementor-column elementor-field-group-message elementor-col-100\">\n\t\t\t\t\t\t\t\t\t\t\t\t<label for=\"form-field-message\" class=\"elementor-field-label\">\n\t\t\t\t\t\t\t\tVotre message\t\t\t\t\t\t\t<\/label>\n\t\t\t\t\t\t<textarea class=\"elementor-field-textual elementor-field  elementor-size-sm\" name=\"form_fields[message]\" id=\"form-field-message\" rows=\"4\" placeholder=\"\u00c9crivez votre message ici...\"><\/textarea>\t\t\t\t<\/div>\n\t\t\t\t\t\t\t\t<div class=\"elementor-field-group elementor-column elementor-field-type-submit elementor-col-100 e-form__buttons\">\n\t\t\t\t\t<button class=\"elementor-button elementor-size-sm\" type=\"submit\">\n\t\t\t\t\t\t<span class=\"elementor-button-content-wrapper\">\n\t\t\t\t\t\t\t\t\t\t\t\t\t\t\t\t\t\t\t\t\t\t<span class=\"elementor-button-text\">Envoyer<\/span>\n\t\t\t\t\t\t\t\t\t\t\t\t\t<\/span>\n\t\t\t\t\t<\/button>\n\t\t\t\t<\/div>\n\t\t\t<\/div>\n\t\t<\/form>\n\t\t\t\t\t\t<\/div>\n\t\t\t\t<\/div>\n\t\t\t\t<\/div>\n\t\t\t\t\t<\/div>\n\t\t\t\t<\/div>\n\t\t\t\t<\/div>\n\t\t","protected":false},"excerpt":{"rendered":"<p>Votre Direction Commerciale Externalis\u00e9e mondirecteurcommercial.com comme si elle \u00e9tait en interne L\u2019expertise d\u2019un Directeur Commercial \u00e0 temps partag\u00e9, la flexibilit\u00e9 d\u2019un prestataire, la performance d\u2019une \u00e9quipe int\u00e9gr\u00e9e Prenez RDV Dirigeant(e)s de PME, faitez vous face \u00e0 ces situations? Votre d\u00e9veloppement commercial patine&#8230; et vous savez que quelque chose bloque. Vous faites des efforts, vous investissez, [&hellip;]<\/p>\n","protected":false},"author":1,"featured_media":0,"parent":0,"menu_order":0,"comment_status":"closed","ping_status":"closed","template":"elementor_header_footer","meta":{"footnotes":""},"class_list":["post-95","page","type-page","status-publish","hentry"],"yoast_head":"<!-- This site is optimized with the Yoast SEO plugin v27.4 - https:\/\/yoast.com\/product\/yoast-seo-wordpress\/ -->\n<title>Direction Commerciale - mondirecteurcommercial.com<\/title>\n<meta name=\"robots\" content=\"index, follow, max-snippet:-1, max-image-preview:large, max-video-preview:-1\" \/>\n<link rel=\"canonical\" href=\"https:\/\/mondirecteurcommercial.com\/index.php\/direction-commerciale\/\" \/>\n<meta property=\"og:locale\" content=\"en_US\" \/>\n<meta property=\"og:type\" content=\"article\" \/>\n<meta property=\"og:title\" content=\"Direction Commerciale - mondirecteurcommercial.com\" \/>\n<meta property=\"og:description\" content=\"Votre Direction Commerciale Externalis\u00e9e mondirecteurcommercial.com comme si elle \u00e9tait en interne L\u2019expertise d\u2019un Directeur Commercial \u00e0 temps partag\u00e9, la flexibilit\u00e9 d\u2019un prestataire, la performance d\u2019une \u00e9quipe int\u00e9gr\u00e9e Prenez RDV Dirigeant(e)s de PME, faitez vous face \u00e0 ces situations? Votre d\u00e9veloppement commercial patine&#8230; et vous savez que quelque chose bloque. Vous faites des efforts, vous investissez, [&hellip;]\" \/>\n<meta property=\"og:url\" content=\"https:\/\/mondirecteurcommercial.com\/index.php\/direction-commerciale\/\" \/>\n<meta property=\"og:site_name\" content=\"mondirecteurcommercial.com\" \/>\n<meta property=\"article:modified_time\" content=\"2026-04-13T12:38:27+00:00\" \/>\n<meta property=\"og:image\" content=\"https:\/\/mondirecteurcommercial.com\/wp-content\/uploads\/2025\/12\/Logo-Template-Logo_16.jpg\" \/>\n\t<meta property=\"og:image:width\" content=\"560\" \/>\n\t<meta property=\"og:image:height\" content=\"341\" \/>\n\t<meta property=\"og:image:type\" content=\"image\/jpeg\" \/>\n<meta name=\"twitter:card\" content=\"summary_large_image\" \/>\n<meta name=\"twitter:label1\" content=\"Est. reading time\" \/>\n\t<meta name=\"twitter:data1\" content=\"5 minutes\" \/>\n<script type=\"application\/ld+json\" class=\"yoast-schema-graph\">{\"@context\":\"https:\\\/\\\/schema.org\",\"@graph\":[{\"@type\":\"WebPage\",\"@id\":\"https:\\\/\\\/mondirecteurcommercial.com\\\/index.php\\\/direction-commerciale\\\/\",\"url\":\"https:\\\/\\\/mondirecteurcommercial.com\\\/index.php\\\/direction-commerciale\\\/\",\"name\":\"Direction Commerciale - mondirecteurcommercial.com\",\"isPartOf\":{\"@id\":\"https:\\\/\\\/mondirecteurcommercial.com\\\/#website\"},\"primaryImageOfPage\":{\"@id\":\"https:\\\/\\\/mondirecteurcommercial.com\\\/index.php\\\/direction-commerciale\\\/#primaryimage\"},\"image\":{\"@id\":\"https:\\\/\\\/mondirecteurcommercial.com\\\/index.php\\\/direction-commerciale\\\/#primaryimage\"},\"thumbnailUrl\":\"https:\\\/\\\/mondirecteurcommercial.com\\\/wp-content\\\/uploads\\\/2025\\\/12\\\/Logo-Template-Logo_16.jpg\",\"datePublished\":\"2025-12-09T08:23:33+00:00\",\"dateModified\":\"2026-04-13T12:38:27+00:00\",\"breadcrumb\":{\"@id\":\"https:\\\/\\\/mondirecteurcommercial.com\\\/index.php\\\/direction-commerciale\\\/#breadcrumb\"},\"inLanguage\":\"en-US\",\"potentialAction\":[{\"@type\":\"ReadAction\",\"target\":[\"https:\\\/\\\/mondirecteurcommercial.com\\\/index.php\\\/direction-commerciale\\\/\"]}]},{\"@type\":\"ImageObject\",\"inLanguage\":\"en-US\",\"@id\":\"https:\\\/\\\/mondirecteurcommercial.com\\\/index.php\\\/direction-commerciale\\\/#primaryimage\",\"url\":\"https:\\\/\\\/mondirecteurcommercial.com\\\/wp-content\\\/uploads\\\/2025\\\/12\\\/Logo-Template-Logo_16.jpg\",\"contentUrl\":\"https:\\\/\\\/mondirecteurcommercial.com\\\/wp-content\\\/uploads\\\/2025\\\/12\\\/Logo-Template-Logo_16.jpg\",\"width\":560,\"height\":341},{\"@type\":\"BreadcrumbList\",\"@id\":\"https:\\\/\\\/mondirecteurcommercial.com\\\/index.php\\\/direction-commerciale\\\/#breadcrumb\",\"itemListElement\":[{\"@type\":\"ListItem\",\"position\":1,\"name\":\"Home\",\"item\":\"https:\\\/\\\/mondirecteurcommercial.com\\\/\"},{\"@type\":\"ListItem\",\"position\":2,\"name\":\"Direction Commerciale\"}]},{\"@type\":\"WebSite\",\"@id\":\"https:\\\/\\\/mondirecteurcommercial.com\\\/#website\",\"url\":\"https:\\\/\\\/mondirecteurcommercial.com\\\/\",\"name\":\"mondirecteurcommercial.com\",\"description\":\"\",\"publisher\":{\"@id\":\"https:\\\/\\\/mondirecteurcommercial.com\\\/#organization\"},\"potentialAction\":[{\"@type\":\"SearchAction\",\"target\":{\"@type\":\"EntryPoint\",\"urlTemplate\":\"https:\\\/\\\/mondirecteurcommercial.com\\\/?s={search_term_string}\"},\"query-input\":{\"@type\":\"PropertyValueSpecification\",\"valueRequired\":true,\"valueName\":\"search_term_string\"}}],\"inLanguage\":\"en-US\"},{\"@type\":\"Organization\",\"@id\":\"https:\\\/\\\/mondirecteurcommercial.com\\\/#organization\",\"name\":\"mondirecteurcommercial.com\",\"url\":\"https:\\\/\\\/mondirecteurcommercial.com\\\/\",\"logo\":{\"@type\":\"ImageObject\",\"inLanguage\":\"en-US\",\"@id\":\"https:\\\/\\\/mondirecteurcommercial.com\\\/#\\\/schema\\\/logo\\\/image\\\/\",\"url\":\"https:\\\/\\\/mondirecteurcommercial.com\\\/wp-content\\\/uploads\\\/2025\\\/12\\\/cropped-Logo-Template-Logo_16.jpg\",\"contentUrl\":\"https:\\\/\\\/mondirecteurcommercial.com\\\/wp-content\\\/uploads\\\/2025\\\/12\\\/cropped-Logo-Template-Logo_16.jpg\",\"width\":560,\"height\":275,\"caption\":\"mondirecteurcommercial.com\"},\"image\":{\"@id\":\"https:\\\/\\\/mondirecteurcommercial.com\\\/#\\\/schema\\\/logo\\\/image\\\/\"},\"sameAs\":[\"https:\\\/\\\/www.linkedin.com\\\/company\\\/mondirecteurcommercial-com\"]}]}<\/script>\n<!-- \/ Yoast SEO plugin. -->","yoast_head_json":{"title":"Direction Commerciale - mondirecteurcommercial.com","robots":{"index":"index","follow":"follow","max-snippet":"max-snippet:-1","max-image-preview":"max-image-preview:large","max-video-preview":"max-video-preview:-1"},"canonical":"https:\/\/mondirecteurcommercial.com\/index.php\/direction-commerciale\/","og_locale":"en_US","og_type":"article","og_title":"Direction Commerciale - mondirecteurcommercial.com","og_description":"Votre Direction Commerciale Externalis\u00e9e mondirecteurcommercial.com comme si elle \u00e9tait en interne L\u2019expertise d\u2019un Directeur Commercial \u00e0 temps partag\u00e9, la flexibilit\u00e9 d\u2019un prestataire, la performance d\u2019une \u00e9quipe int\u00e9gr\u00e9e Prenez RDV Dirigeant(e)s de PME, faitez vous face \u00e0 ces situations? Votre d\u00e9veloppement commercial patine&#8230; et vous savez que quelque chose bloque. Vous faites des efforts, vous investissez, [&hellip;]","og_url":"https:\/\/mondirecteurcommercial.com\/index.php\/direction-commerciale\/","og_site_name":"mondirecteurcommercial.com","article_modified_time":"2026-04-13T12:38:27+00:00","og_image":[{"width":560,"height":341,"url":"https:\/\/mondirecteurcommercial.com\/wp-content\/uploads\/2025\/12\/Logo-Template-Logo_16.jpg","type":"image\/jpeg"}],"twitter_card":"summary_large_image","twitter_misc":{"Est. reading time":"5 minutes"},"schema":{"@context":"https:\/\/schema.org","@graph":[{"@type":"WebPage","@id":"https:\/\/mondirecteurcommercial.com\/index.php\/direction-commerciale\/","url":"https:\/\/mondirecteurcommercial.com\/index.php\/direction-commerciale\/","name":"Direction Commerciale - mondirecteurcommercial.com","isPartOf":{"@id":"https:\/\/mondirecteurcommercial.com\/#website"},"primaryImageOfPage":{"@id":"https:\/\/mondirecteurcommercial.com\/index.php\/direction-commerciale\/#primaryimage"},"image":{"@id":"https:\/\/mondirecteurcommercial.com\/index.php\/direction-commerciale\/#primaryimage"},"thumbnailUrl":"https:\/\/mondirecteurcommercial.com\/wp-content\/uploads\/2025\/12\/Logo-Template-Logo_16.jpg","datePublished":"2025-12-09T08:23:33+00:00","dateModified":"2026-04-13T12:38:27+00:00","breadcrumb":{"@id":"https:\/\/mondirecteurcommercial.com\/index.php\/direction-commerciale\/#breadcrumb"},"inLanguage":"en-US","potentialAction":[{"@type":"ReadAction","target":["https:\/\/mondirecteurcommercial.com\/index.php\/direction-commerciale\/"]}]},{"@type":"ImageObject","inLanguage":"en-US","@id":"https:\/\/mondirecteurcommercial.com\/index.php\/direction-commerciale\/#primaryimage","url":"https:\/\/mondirecteurcommercial.com\/wp-content\/uploads\/2025\/12\/Logo-Template-Logo_16.jpg","contentUrl":"https:\/\/mondirecteurcommercial.com\/wp-content\/uploads\/2025\/12\/Logo-Template-Logo_16.jpg","width":560,"height":341},{"@type":"BreadcrumbList","@id":"https:\/\/mondirecteurcommercial.com\/index.php\/direction-commerciale\/#breadcrumb","itemListElement":[{"@type":"ListItem","position":1,"name":"Home","item":"https:\/\/mondirecteurcommercial.com\/"},{"@type":"ListItem","position":2,"name":"Direction Commerciale"}]},{"@type":"WebSite","@id":"https:\/\/mondirecteurcommercial.com\/#website","url":"https:\/\/mondirecteurcommercial.com\/","name":"mondirecteurcommercial.com","description":"","publisher":{"@id":"https:\/\/mondirecteurcommercial.com\/#organization"},"potentialAction":[{"@type":"SearchAction","target":{"@type":"EntryPoint","urlTemplate":"https:\/\/mondirecteurcommercial.com\/?s={search_term_string}"},"query-input":{"@type":"PropertyValueSpecification","valueRequired":true,"valueName":"search_term_string"}}],"inLanguage":"en-US"},{"@type":"Organization","@id":"https:\/\/mondirecteurcommercial.com\/#organization","name":"mondirecteurcommercial.com","url":"https:\/\/mondirecteurcommercial.com\/","logo":{"@type":"ImageObject","inLanguage":"en-US","@id":"https:\/\/mondirecteurcommercial.com\/#\/schema\/logo\/image\/","url":"https:\/\/mondirecteurcommercial.com\/wp-content\/uploads\/2025\/12\/cropped-Logo-Template-Logo_16.jpg","contentUrl":"https:\/\/mondirecteurcommercial.com\/wp-content\/uploads\/2025\/12\/cropped-Logo-Template-Logo_16.jpg","width":560,"height":275,"caption":"mondirecteurcommercial.com"},"image":{"@id":"https:\/\/mondirecteurcommercial.com\/#\/schema\/logo\/image\/"},"sameAs":["https:\/\/www.linkedin.com\/company\/mondirecteurcommercial-com"]}]}},"_links":{"self":[{"href":"https:\/\/mondirecteurcommercial.com\/index.php\/wp-json\/wp\/v2\/pages\/95","targetHints":{"allow":["GET"]}}],"collection":[{"href":"https:\/\/mondirecteurcommercial.com\/index.php\/wp-json\/wp\/v2\/pages"}],"about":[{"href":"https:\/\/mondirecteurcommercial.com\/index.php\/wp-json\/wp\/v2\/types\/page"}],"author":[{"embeddable":true,"href":"https:\/\/mondirecteurcommercial.com\/index.php\/wp-json\/wp\/v2\/users\/1"}],"replies":[{"embeddable":true,"href":"https:\/\/mondirecteurcommercial.com\/index.php\/wp-json\/wp\/v2\/comments?post=95"}],"version-history":[{"count":55,"href":"https:\/\/mondirecteurcommercial.com\/index.php\/wp-json\/wp\/v2\/pages\/95\/revisions"}],"predecessor-version":[{"id":648,"href":"https:\/\/mondirecteurcommercial.com\/index.php\/wp-json\/wp\/v2\/pages\/95\/revisions\/648"}],"wp:attachment":[{"href":"https:\/\/mondirecteurcommercial.com\/index.php\/wp-json\/wp\/v2\/media?parent=95"}],"curies":[{"name":"wp","href":"https:\/\/api.w.org\/{rel}","templated":true}]}}